{"id":2204,"date":"2022-09-20T05:50:28","date_gmt":"2022-09-20T05:50:28","guid":{"rendered":"https:\/\/nalinnes.org\/?page_id=2204"},"modified":"2022-09-20T05:52:49","modified_gmt":"2022-09-20T05:52:49","slug":"retourne-a-la-ville","status":"publish","type":"page","link":"https:\/\/nalinnes.org\/?page_id=2204","title":{"rendered":"Retourne \u00e0 la ville !"},"content":{"rendered":"\n<figure class=\"wp-block-image size-full is-resized is-style-rounded\"><img loading=\"lazy\" decoding=\"async\" src=\"https:\/\/nalinnes.org\/wp-content\/uploads\/2022\/09\/ville.png\" alt=\"\" class=\"wp-image-2206\" width=\"570\" height=\"392\" srcset=\"https:\/\/nalinnes.org\/wp-content\/uploads\/2022\/09\/ville.png 494w, https:\/\/nalinnes.org\/wp-content\/uploads\/2022\/09\/ville-300x206.png 300w\" sizes=\"auto, (max-width: 570px) 100vw, 570px\" \/><\/figure>\n\n\n\n<p class=\"has-ast-global-color-6-color has-text-color has-background has-medium-font-size\" style=\"background-color:#0792e3d9;line-height:2.3\">Dans mon village, les gens sont tellement sympathiques.<br>Pendant des ann\u00e9es, j\u2019ai essay\u00e9 d\u2019\u00e9gayer peu ou prou l\u2019un des groupes Facebook de ma commune.<br>C\u2019\u00e9tait une gageure de ne pas blesser les sensibilit\u00e9s connaissant mon charact\u00e8re sanguin mais c\u2019\u00e9tait un exercice int\u00e9ressant de choisir un mot plut\u00f4t qu\u2019un autre pour \u00e9viter d\u2019\u00eatre censur\u00e9 ou de subir les foudres du mono-neurone de base.<br>J\u2019ai cess\u00e9 cette activit\u00e9. Ce que je lis dans ce groupe \u2013 pas uniquement celui-l\u00e0-, m\u2019indispose hautement.<br>Attention ! Il ne s\u2019agit rien autre que d\u2019un reflet de la malveillance ambiante. Je prends ce groupe en exemple parce je le connais.<br>Il en est bien d\u2019autres qui ne b\u00e9n\u00e9ficient pas de l\u2019attention des \u00ab administrateurs \u00bb o\u00f9 l\u2019on peut lire bien pires atrocit\u00e9s.<br>Parfois, je sens monter une rage en moi. Pour cette raison, je ressens le besoin de l\u2019\u00e9crire \u00e0 titre priv\u00e9. Peu m\u2019importe que ce soit lu, l\u2019important \u00e9tant que ce soit expuls\u00e9.<br>Au hit-parade de la malveillance : \u00ab Retourne \u00e0 la Ville !\u00bb.<br>Ahhhh ! Que n\u2019ai-je tant lu cette phrase utilis\u00e9e \u00e0 toutes les sauces, dans toutes les situations par la meute hurlante assoiff\u00e9e de haine ?<br>C\u2019est le cri de guerre du d\u00e9c\u00e9r\u00e9br\u00e9 lambda !<br>Une personne s\u2019\u00e9tonne (= ne critique pas, s\u2019informe) d\u2019une odeur \u00e2cre qui r\u00e8gne \u00e0 l\u2019ext\u00e9rieur ? Retourne \u00e0 la ville !<br>Une autre rappelle une r\u00e8gle \u00e9l\u00e9mentaire du \u00ab Vivre ensemble \u00bb ? Retourne \u00e0 la ville !<br>Un habitant demande gentiment qu\u2019un tracteur cesse de d\u00e9verser son lisier au moment o\u00f9 celui-ci tourne dans le champ et ne r\u00e9pande ainsi une partie de son chargement dans le jardin de celui-l\u00e0 ? Retourne \u00e0 la ville !<br>\u00c7a veut dire quoi \u00ab Retourne \u00e0 la ville \u00bb ? Un sursaut identitaire ? le vilain rat des villes oppos\u00e9 au gentil rat des champs ?<br>Quand devient-on un rat de champs ? Apr\u00e8s combien de temps ? Je suis n\u00e9 dans ce village il y a 55 ans. J\u2019ai pass\u00e9 10 ans \u00e0 Bruxelles pour enfin rapatrier mes \u00e9conomies et mon \u00e9pouse au village o\u00f9 nous vivons depuis bient\u00f4t 20 ans.<br>Suis-je un ignoble \u00e9tranger ? Suis-je assimil\u00e9 ? Faut-il attendre dans le purgatoire des urbanis\u00e9s pendant 30 ans ? 40 ? Y-a-t-il une formation obligatoire ? Un citoyen habitant le territoire de la commune depuis plus de 60 ans a-t-il plus de droits et moins de devoirs qu\u2019un primo-arrivant ? Doit-on passer les week-ends chez un amphitryon pour un lavage de cerveau certifi\u00e9 par le Conseil des Anciens ? Existe-t-il un rapatriement pr\u00e9vu pour les r\u00e9calcitrants ?<br>Sache que je te m\u00e9prise pour tes tentatives imb\u00e9ciles, malhonn\u00eates, grossi\u00e8res, in\u00e9l\u00e9gantes et grotesques de vouloir ainsi combler le vide de ton esprit et ta triste existence !<br>Tu es l\u2019exemple caract\u00e9ristique de ce repli sur soi, de cette ambiance naus\u00e9abonde qui r\u00e8gne en Belgique et ailleurs provoquant ainsi la mont\u00e9e des nationalismes et la victoire des extr\u00eames.<br>Tu as une haine au profond ! Une haine fondamentale provoqu\u00e9e par ton manque de culture et d\u2019ouverture \u00e0 l\u2019autre. Au fond, je te plains.<br>Non, je d\u00e9conne, je ne t\u2019aime pas !<\/p>\n","protected":false},"excerpt":{"rendered":"<p>Dans mon village, les gens sont tellement sympathiques.Pendant des ann\u00e9es, j\u2019ai essay\u00e9 d\u2019\u00e9gayer peu ou prou l\u2019un des groupes Facebook de ma commune.C\u2019\u00e9tait une gageure de ne pas blesser les sensibilit\u00e9s connaissant mon charact\u00e8re sanguin mais c\u2019\u00e9tait un exercice int\u00e9ressant de choisir un mot plut\u00f4t qu\u2019un autre pour \u00e9viter d\u2019\u00eatre censur\u00e9 ou de subir les [&hellip;]<\/p>\n","protected":false},"author":1,"featured_media":0,"parent":0,"menu_order":0,"comment_status":"closed","ping_status":"closed","template":"","meta":{"site-sidebar-layout":"default","site-content-layout":"","ast-site-content-layout":"","site-content-style":"default","site-sidebar-style":"default","ast-global-header-display":"","ast-banner-title-visibility":"","ast-main-header-display":"","ast-hfb-above-header-display":"","ast-hfb-below-header-display":"","ast-hfb-mobile-header-display":"","site-post-title":"","ast-breadcrumbs-content":"","ast-featured-img":"","footer-sml-layout":"","theme-transparent-header-meta":"","adv-header-id-meta":"","stick-header-meta":"","header-above-stick-meta":"","header-main-stick-meta":"","header-below-stick-meta":"","astra-migrate-meta-layouts":"default","ast-page-background-enabled":"default","ast-page-background-meta":{"desktop":{"background-color":"var(--ast-global-color-4)","background-image":"","background-repeat":"repeat","background-position":"center center","background-size":"auto","background-attachment":"scroll","background-type":"","background-media":"","overlay-type":"","overlay-color":"","overlay-gradient":""},"tablet":{"background-color":"","background-image":"","background-repeat":"repeat","background-position":"center center","background-size":"auto","background-attachment":"scroll","background-type":"","background-media":"","overlay-type":"","overlay-color":"","overlay-gradient":""},"mobile":{"background-color":"","background-image":"","background-repeat":"repeat","background-position":"center center","background-size":"auto","background-attachment":"scroll","background-type":"","background-media":"","overlay-type":"","overlay-color":"","overlay-gradient":""}},"ast-content-background-meta":{"desktop":{"background-color":"var(--ast-global-color-5)","background-image":"","background-repeat":"repeat","background-position":"center center","background-size":"auto","background-attachment":"scroll","background-type":"","background-media":"","overlay-type":"","overlay-color":"","overlay-gradient":""},"tablet":{"background-color":"var(--ast-global-color-5)","background-image":"","background-repeat":"repeat","background-position":"center center","background-size":"auto","background-attachment":"scroll","background-type":"","background-media":"","overlay-type":"","overlay-color":"","overlay-gradient":""},"mobile":{"background-color":"var(--ast-global-color-5)","background-image":"","background-repeat":"repeat","background-position":"center center","background-size":"auto","background-attachment":"scroll","background-type":"","background-media":"","overlay-type":"","overlay-color":"","overlay-gradient":""}},"footnotes":""},"class_list":["post-2204","page","type-page","status-publish","hentry"],"_links":{"self":[{"href":"https:\/\/nalinnes.org\/index.php?rest_route=\/wp\/v2\/pages\/2204","targetHints":{"allow":["GET"]}}],"collection":[{"href":"https:\/\/nalinnes.org\/index.php?rest_route=\/wp\/v2\/pages"}],"about":[{"href":"https:\/\/nalinnes.org\/index.php?rest_route=\/wp\/v2\/types\/page"}],"author":[{"embeddable":true,"href":"https:\/\/nalinnes.org\/index.php?rest_route=\/wp\/v2\/users\/1"}],"replies":[{"embeddable":true,"href":"https:\/\/nalinnes.org\/index.php?rest_route=%2Fwp%2Fv2%2Fcomments&post=2204"}],"version-history":[{"count":2,"href":"https:\/\/nalinnes.org\/index.php?rest_route=\/wp\/v2\/pages\/2204\/revisions"}],"predecessor-version":[{"id":2207,"href":"https:\/\/nalinnes.org\/index.php?rest_route=\/wp\/v2\/pages\/2204\/revisions\/2207"}],"wp:attachment":[{"href":"https:\/\/nalinnes.org\/index.php?rest_route=%2Fwp%2Fv2%2Fmedia&parent=2204"}],"curies":[{"name":"wp","href":"https:\/\/api.w.org\/{rel}","templated":true}]}}